{"id":449,"date":"2022-11-03T11:01:01","date_gmt":"2022-11-03T10:01:01","guid":{"rendered":"https:\/\/www.algaesthetic.pl\/?page_id=449"},"modified":"2023-12-11T17:40:27","modified_gmt":"2023-12-11T16:40:27","slug":"nowosci-i-promocje","status":"publish","type":"page","link":"https:\/\/www.algaesthetic.pl\/index.php\/nowosci-i-promocje\/","title":{"rendered":"Nowo\u015bci i promocje"},"content":{"rendered":"\n<p><strong>NOWO\u015aCI I PROMOCJE<\/strong><\/p>\n\n\n\n<p>RADIOFREKWENCJA MIKROIG\u0141OWA<\/p>\n\n\n\n<p>Wraz z wiekiem sk\u00f3ra traci j\u0119drno\u015b\u0107, spr\u0119\u017cysto\u015b\u0107 i pojawiaj\u0105 si\u0119 zmarszczki czego przyczyn\u0105 jest ubytek kolagenu w sk\u00f3rze. W\u0142\u00f3kna kolagenowe s\u0105 stale zast\u0119powane nowymi, kt\u00f3re s\u0105 wytwarzane w fibroblastach. Jednak\u017ce powy\u017cej 40 roku \u017cycia regeneracja kolagenu zostaje powoli zahamowana. W wyniku tego wi\u0119cej kolagenu ulega zniszczeniu ni\u017c jest odtworzona, a stan sk\u00f3ry ulega pogorszeniu; staje si\u0119 ona wiotka i traci elastyczno\u015b\u0107. W\u0142\u00f3kna kolagenowe w wyniku starzenia si\u0119 organizmu, szybkiej utraty tkanki t\u0142uszczowej, niedobor\u00f3w bia\u0142ka w diecie oraz z innych przyczyn &#8211; ulegaj\u0105 deformacji, wyd\u0142u\u017caj\u0105 si\u0119 i skr\u0119caj\u0105.<br>Dzi\u0119ki termolizie zastosowanej w urz\u0105dzeniu Este Dual do radiofrekwencji mikroig\u0142owej, nast\u0119puje podgrzanie tkanek, a w nast\u0119pstwie ich skurczenie i uporz\u0105dkowanie struktur. Sk\u00f3ra staje si\u0119 bardziej elastyczna i g\u0142adka.<br>W zale\u017cno\u015bci od czynnik\u00f3w takich jak wiek, gospodarka hormonalna czy dieta, regeneracja przebiega wolniej lub szybciej.<\/p>\n\n\n\n<p>RADIOFREKWENCJA MIKROIG\u0141OWA to innowacyjna metoda odm\u0142adzania sk\u00f3ry, redukcji rozst\u0119p\u00f3w i blizn.<\/p>\n\n\n\n<p>Urz\u0105dzenie pozwala na wykonanie zabiegu dwiema g\u0142owicami do:<\/p>\n\n\n\n<ul class=\"wp-block-list\">\n<li>mezoterapii mikroig\u0142owej z fal\u0105 radiow\u0105 i \u015bwiat\u0142em LED<\/li>\n<\/ul>\n\n\n\n<ul class=\"wp-block-list\">\n<li>mezoterapii bezig\u0142owej z fal\u0105 radiow\u0105 i \u015bwiat\u0142em LED<\/li>\n<\/ul>\n\n\n\n<p>Mezoterapia mikroig\u0142owa z fala radiow\u0105 oddzia\u0142uje na poziome sk\u00f3ry w\u0142a\u015bciwej i nask\u00f3rka i polega na termolizie tkanek. W zale\u017cno\u015bci od problemu zabieg jest dedykowany zar\u00f3wno osobom starszym jak i m\u0142odym.<br>Sk\u00f3ra bardzo dobrze reaguje na radiofrekwencj\u0119 mikroig\u0142ow\u0105 tak\u017ce w przypadku blizn potr\u0105dzikowych.<\/p>\n\n\n\n<p>Do zabiegu radiofrekwencji mikroig\u0142owej przeznaczona jest g\u0142owica z kartrid\u017cami ig\u0142owymi izolowanymi i nieizolowanymi, pokrytymi pow\u0142ok\u0105 ze z\u0142ota.<\/p>\n\n\n\n<p>W przypadku igie\u0142 izolowanych, energia RF jest emitowana tylko na zako\u0144czeniu ig\u0142y na wybranej g\u0142\u0119boko\u015bci czyni\u0105c zabieg mniej inwazyjnym. Ig\u0142y izolowane s\u0105 stosowane w przypadku zmarszczek, utarty j\u0119drno\u015bci sk\u00f3ry, liftingu.<\/p>\n\n\n\n<p>W przypadku igie\u0142 nieizolowanych energia jest emitowana na ca\u0142ej ich powierzchni wywo\u0142uj\u0105c uszkodzenie termiczne zar\u00f3wno na zadanej g\u0142\u0119boko\u015bci jak i w nask\u00f3rku. Zabieg jest bardziej inwazyjny i wymaga stosowania ni\u017cszych parametr\u00f3w.<\/p>\n\n\n\n<p>RADIOFREKWENCJA MIKROIG\u0141OWA<\/p>\n\n\n\n<p>Zabieg wywo\u0142uje minimalne uszkodzenia wierzchnich warstw sk\u00f3ry oraz mikrouszkodzenia termiczne w jej g\u0142\u0119bszych warstwach. Nak\u0142ucia sk\u00f3ry oraz termoliza tkanek wywo\u0142uje stan zapalny uaktywniaj\u0105c procesy naprawcze. Zachodzi poprawa stanu sk\u00f3ry dzi\u0119ki produkcji nowego kolagenu i elastyny co znacz\u0105co wp\u0142ywa na jej popraw\u0119 g\u0119sto\u015bci, j\u0119drno\u015bci lepszym napi\u0119ciu i wyp\u0142yceniu zmarszczek.<\/p>\n\n\n\n<p>Este Dual pozwala na wykonanie kontrolowanego i precyzyjnego zabiegu dzi\u0119ki regulacji g\u0142\u0119boko\u015bci nak\u0142u\u0107 i intensywno\u015bci fal radiowych.<\/p>\n\n\n\n<p>RADIOFREKWENCJA BEZIG\u0141OWA<\/p>\n\n\n\n<p>Zabieg stymuluje procesy naprawcze wykorzystuj\u0105c dzia\u0142anie fal radiowych bez iniekcji sk\u00f3ry. Podgrzanie tkanek zapewnia skuteczn\u0105 stymulacj\u0119 w\u0142\u00f3kien kolagenowych.<br>Do zabiegu przeznaczona jest g\u0142owica z kartrid\u017cami bezinwazyjnymi ,bez naruszenia ci\u0105g\u0142o\u015bci nask\u00f3rka. Metoda ta jest polecana w przypadku drobnych zmarszczek, zabieg\u00f3w rewitalizuj\u0105cych, uj\u0119drniaj\u0105cych, odm\u0142adzajaych i regeneracyjnych.<\/p>\n\n\n\n<p>PROCESY ZACHODZ\u0104CE POD WP\u0141YWAEM DZIA\u0141ANIA FAL RADIOWYCH<\/p>\n\n\n\n<p>Zjawisko to nazywane jest diatermi\u0105 czyli g\u0142\u0119bokim ogrzewaniem tkanek. Fale radiowe stymuluj\u0105 tkanki powierzchowne i g\u0142\u0119biej po\u0142o\u017cone, poprawiaj\u0105 ich dotlenienie, od\u017cywienie oraz mikrocyrkulacj\u0119.<\/p>\n\n\n\n<p>G\u0141OWICA CH\u0141ODZ\u0104CA &#8211; KRIOTERAPIA<\/p>\n\n\n\n<p>Po zabiegu radiofrekwencji mikroig\u0142owej wykonuje si\u0119 zabieg krioterapii w celu wyciszenia sk\u00f3ry. Zimno dzia\u0142a przeciwb\u00f3lowo, hamuje receptory w sk\u00f3rze i zmniejsza uczucie b\u00f3lu. Zimno stymuluje zw\u0119\u017canie i rozszerzanie naczy\u0144 krwiono\u015bnych. W wyniku pobudzonej mikrocyrkulacji polepsza si\u0119 wch\u0142anianie aktywnych substancji.<\/p>\n\n\n\n<p>\u015aWIAT\u0141O LED<\/p>\n\n\n\n<p>G\u0142owice do radiofrekwencji ig\u0142owej i mikroig\u0142owej emituj\u0105 tak\u017ce \u015bwiat\u0142o LED czerwone i niebieskie. Obie wi\u0105zki s\u0105 emitowane automatycznie w momencie aktywacji radiofrekwencji. LED w tym przypadku dzia\u0142a rewitalizuj\u0105co, \u0142agodz\u0105co i stymuluje syntez\u0119 kolagenu.<\/p>\n\n\n\n<p>KIEDY WSKAZANA JEST RADIOFREKWENCJA MIKROIG\u0141OWA?<\/p>\n\n\n\n<p>Jest to jeden z tych zabieg\u00f3w, kt\u00f3rego efekty widoczne s\u0105 w\u0142a\u015bciwie bezpo\u015brednio po zabiegu i nie wymaga czasu na rekonwalescencj\u0119. Ilo\u015b\u0107 zabieg\u00f3w zale\u017cy od wyj\u015bciowego stanu sk\u00f3ry, ale efekty s\u0105 szybko widoczne. Radiofrekwencja mikroig\u0142owa sprawdza si\u0119 doskonale w sytuacji, gdy sk\u00f3ra twarzy szyi i dekoltu staje si\u0119 ma\u0142o j\u0119drna i wiotka. Zabiegi te wyra\u017anie poprawiaj\u0105 jej stan.<br>Opr\u00f3cz tego radiofrekwencja mikroig\u0142owa mo\u017ce by\u0107 wykorzystana do korekty owalu twarzy. Produkcja nowego kolagenu pozwala wype\u0142ni\u0107 drobne zmarszczki i linie, tak\u017ce pod oczami i na powiekach. Dodatkowo radiofrekwencja mikroig\u0142owa mo\u017ce by\u0107 stosowana na ca\u0142e cia\u0142o. Odpowiednia ilo\u015b\u0107 zabieg\u00f3w pozwala na redukcj\u0119 blizn, co poprawia wygl\u0105d sk\u00f3ry potr\u0105dzikowej. Zabieg jest pomocy tak\u017ce w przypadku rozst\u0119p\u00f3w, poprawia ich stan na dowolnym obszarze cia\u0142a. Dotyczy to tak\u017ce ramion, po\u015bladk\u00f3w czy brzucha.<\/p>\n\n\n\n<p>JAK CZ\u0118STO WYKONYWA\u0106 ZABIEGI?<\/p>\n\n\n\n<p>Zaleca si\u0119 wykonanie serii zabieg\u00f3w co kilka tygodni.<br>W przypadku radiofrekwencji mikroig\u0142owej wykonuje si\u0119 seri\u0119 oko\u0142o 3-4 zabieg\u00f3w w zale\u017cno\u015bci od potrzeb i stanu sk\u00f3ry. Po zako\u0144czeniu serii zaleca si\u0119 wykona\u0107 zabieg podtrzymuj\u0105cy efekty.<\/p>\n\n\n\n<p>Przy zabiegach radiofrekwekcji bezig\u0142owej<br>zaleca si\u0119 wykonanie serii zabieg\u00f3w raz lub dwa razy w tygodniu. Zalecana ilo\u015b\u0107 zabieg\u00f3w w serii wynosi oko\u0142o 3-10 w zale\u017cno\u015bci od potrzeb i stanu sk\u00f3ry. Po zako\u0144czeniu serii zaleca si\u0119 wykona\u0107 zabieg podtrzymuj\u0105cy efekty.<\/p>\n\n\n\n<p>Przeciwwskazania:<\/p>\n\n\n\n<ul class=\"wp-block-list\">\n<li>nowotwory sk\u00f3ry<\/li>\n<\/ul>\n\n\n\n<ul class=\"wp-block-list\">\n<li>zapalenie \u017cy\u0142<\/li>\n<\/ul>\n\n\n\n<ul class=\"wp-block-list\">\n<li>wysokie nadci\u015bnienie (tylko w skrajnych przypadkach),<\/li>\n<\/ul>\n\n\n\n<ul class=\"wp-block-list\">\n<li>aktywny nowotw\u00f3r<\/li>\n<\/ul>\n\n\n\n<ul class=\"wp-block-list\">\n<li>zaburzenia kr\u0105\u017cenia obwodowego<\/li>\n<\/ul>\n\n\n\n<ul class=\"wp-block-list\">\n<li>widocznie du\u017ce \u017cylaki<\/li>\n<\/ul>\n\n\n\n<ul class=\"wp-block-list\">\n<li>z\u0142ote nici (po okresie dw\u00f3ch lat od zabiegu po konsultacji z lekarzem)<\/li>\n<\/ul>\n\n\n\n<ul class=\"wp-block-list\">\n<li>choroba lub zapalenie sk\u00f3ry<\/li>\n<\/ul>\n\n\n\n<ul class=\"wp-block-list\">\n<li>posiadanie z\u0142otych implant\u00f3w<\/li>\n<\/ul>\n\n\n\n<ul class=\"wp-block-list\">\n<li>aparat s\u0142uchowy<\/li>\n<\/ul>\n\n\n\n<ul class=\"wp-block-list\">\n<li>stymulator serca i inne wszelkie elektroniczne urz\u0105dzenia w ciele<\/li>\n<\/ul>\n\n\n\n<ul class=\"wp-block-list\">\n<li>przebyte nowotwory<\/li>\n<\/ul>\n\n\n\n<ul class=\"wp-block-list\">\n<li>metalowa bi\u017cuteria<\/li>\n<\/ul>\n\n\n\n<ul class=\"wp-block-list\">\n<li>ci\u0105\u017ca I okres laktacji<\/li>\n<\/ul>\n\n\n\n<ul class=\"wp-block-list\">\n<li>aplikacja na okolic\u0119 brzucha (podczas menstruacji)<\/li>\n<\/ul>\n\n\n\n<ul class=\"wp-block-list\">\n<li>posiadanie wk\u0142adki wewn\u0105trzmacicznej<\/li>\n<\/ul>\n\n\n\n<ul class=\"wp-block-list\">\n<li>aparat na z\u0119by<\/li>\n<\/ul>\n\n\n\n<ul class=\"wp-block-list\">\n<li>zaburzenia gojenia si\u0119 ran (w tym sk\u0142onno\u015b\u0107 do powstawania blizn przerostowych)<\/li>\n<\/ul>\n\n\n\n<ul class=\"wp-block-list\">\n<li>aktywne infekcje sk\u00f3ry (bakteryjne, wirusowe, grzybicze)<\/li>\n<\/ul>\n","protected":false},"excerpt":{"rendered":"<p>NOWO\u015aCI I PROMOCJE RADIOFREKWENCJA MIKROIG\u0141OWA Wraz z wiekiem sk\u00f3ra traci j\u0119drno\u015b\u0107, spr\u0119\u017cysto\u015b\u0107 i pojawiaj\u0105 si\u0119 zmarszczki czego przyczyn\u0105 jest ubytek kolagenu w sk\u00f3rze. W\u0142\u00f3kna kolagenowe s\u0105 stale zast\u0119powane nowymi, kt\u00f3re &hellip; <\/p>\n","protected":false},"author":1,"featured_media":152,"parent":0,"menu_order":0,"comment_status":"closed","ping_status":"closed","template":"","meta":{"footnotes":""},"class_list":["post-449","page","type-page","status-publish","has-post-thumbnail","hentry"],"_links":{"self":[{"href":"https:\/\/www.algaesthetic.pl\/index.php\/wp-json\/wp\/v2\/pages\/449","targetHints":{"allow":["GET"]}}],"collection":[{"href":"https:\/\/www.algaesthetic.pl\/index.php\/wp-json\/wp\/v2\/pages"}],"about":[{"href":"https:\/\/www.algaesthetic.pl\/index.php\/wp-json\/wp\/v2\/types\/page"}],"author":[{"embeddable":true,"href":"https:\/\/www.algaesthetic.pl\/index.php\/wp-json\/wp\/v2\/users\/1"}],"replies":[{"embeddable":true,"href":"https:\/\/www.algaesthetic.pl\/index.php\/wp-json\/wp\/v2\/comments?post=449"}],"version-history":[{"count":11,"href":"https:\/\/www.algaesthetic.pl\/index.php\/wp-json\/wp\/v2\/pages\/449\/revisions"}],"predecessor-version":[{"id":1992,"href":"https:\/\/www.algaesthetic.pl\/index.php\/wp-json\/wp\/v2\/pages\/449\/revisions\/1992"}],"wp:featuredmedia":[{"embeddable":true,"href":"https:\/\/www.algaesthetic.pl\/index.php\/wp-json\/wp\/v2\/media\/152"}],"wp:attachment":[{"href":"https:\/\/www.algaesthetic.pl\/index.php\/wp-json\/wp\/v2\/media?parent=449"}],"curies":[{"name":"wp","href":"https:\/\/api.w.org\/{rel}","templated":true}]}}